{"id":2,"date":"2017-05-17T22:31:15","date_gmt":"2017-05-17T20:31:15","guid":{"rendered":"http:\/\/leclosdescheminees.info\/?page_id=2"},"modified":"2026-01-15T17:46:03","modified_gmt":"2026-01-15T16:46:03","slug":"le-clos-des-cheminees-tarifs","status":"publish","type":"page","link":"https:\/\/leclosdescheminees.info\/index.php\/le-clos-des-cheminees-tarifs\/","title":{"rendered":"Tarif"},"content":{"rendered":"<p>&nbsp;<\/p>\n<div id=\"metaslider-id-709\" style=\"width: 100%; margin: 0 auto;\" class=\"ml-slider-3-94-0 metaslider metaslider-nivo metaslider-709 ml-slider ms-theme-default\" role=\"region\" aria-roledescription=\"Slideshow\" aria-label=\"Tarifs\">\n    <div id=\"metaslider_container_709\">\n        <div class='slider-wrapper theme-default'><div class='ribbon'><\/div><div id='metaslider_709' class='nivoSlider'><img width=\"4907\" height=\"1772\" src=\"https:\/\/leclosdescheminees.info\/wp-content\/uploads\/2023\/03\/4.1.tarifs-picto-prestations.jpeg\" class=\"slider-709 slide-714\" alt=\"\" decoding=\"async\" loading=\"lazy\" data-caption=\"\" data-thumb=\"\" title=\"4.1.tarifs-picto-prestations\" rel=\"\" srcset=\"https:\/\/leclosdescheminees.info\/wp-content\/uploads\/2023\/03\/4.1.tarifs-picto-prestations.jpeg 4907w, https:\/\/leclosdescheminees.info\/wp-content\/uploads\/2023\/03\/4.1.tarifs-picto-prestations-300x108.jpeg 300w, https:\/\/leclosdescheminees.info\/wp-content\/uploads\/2023\/03\/4.1.tarifs-picto-prestations-768x277.jpeg 768w, https:\/\/leclosdescheminees.info\/wp-content\/uploads\/2023\/03\/4.1.tarifs-picto-prestations-1024x370.jpeg 1024w\" sizes=\"(max-width: 4907px) 100vw, 4907px\" \/><img width=\"4912\" height=\"1772\" src=\"https:\/\/leclosdescheminees.info\/wp-content\/uploads\/2023\/03\/4.2.tarifs-salle-chaise.jpg\" class=\"slider-709 slide-715\" alt=\"\" decoding=\"async\" loading=\"lazy\" data-caption=\"\" data-thumb=\"\" title=\"4.2.tarifs-salle-chaise\" rel=\"\" srcset=\"https:\/\/leclosdescheminees.info\/wp-content\/uploads\/2023\/03\/4.2.tarifs-salle-chaise.jpg 4912w, https:\/\/leclosdescheminees.info\/wp-content\/uploads\/2023\/03\/4.2.tarifs-salle-chaise-300x108.jpg 300w, https:\/\/leclosdescheminees.info\/wp-content\/uploads\/2023\/03\/4.2.tarifs-salle-chaise-768x277.jpg 768w, https:\/\/leclosdescheminees.info\/wp-content\/uploads\/2023\/03\/4.2.tarifs-salle-chaise-1024x369.jpg 1024w\" sizes=\"(max-width: 4912px) 100vw, 4912px\" \/><img width=\"4912\" height=\"1772\" src=\"https:\/\/leclosdescheminees.info\/wp-content\/uploads\/2023\/03\/4.3.tarifs-cheminee-chaise.jpg\" class=\"slider-709 slide-716\" alt=\"\" decoding=\"async\" loading=\"lazy\" data-caption=\"\" data-thumb=\"\" title=\"4.3.tarifs-cheminee-chaise\" rel=\"\" srcset=\"https:\/\/leclosdescheminees.info\/wp-content\/uploads\/2023\/03\/4.3.tarifs-cheminee-chaise.jpg 4912w, https:\/\/leclosdescheminees.info\/wp-content\/uploads\/2023\/03\/4.3.tarifs-cheminee-chaise-300x108.jpg 300w, https:\/\/leclosdescheminees.info\/wp-content\/uploads\/2023\/03\/4.3.tarifs-cheminee-chaise-768x277.jpg 768w, https:\/\/leclosdescheminees.info\/wp-content\/uploads\/2023\/03\/4.3.tarifs-cheminee-chaise-1024x369.jpg 1024w\" sizes=\"(max-width: 4912px) 100vw, 4912px\" \/><img width=\"4912\" height=\"1772\" src=\"https:\/\/leclosdescheminees.info\/wp-content\/uploads\/2023\/03\/4.4.tarifs.jpg\" class=\"slider-709 slide-717\" alt=\"\" decoding=\"async\" loading=\"lazy\" data-caption=\"\" data-thumb=\"\" title=\"4.4.tarifs\" rel=\"\" srcset=\"https:\/\/leclosdescheminees.info\/wp-content\/uploads\/2023\/03\/4.4.tarifs.jpg 4912w, https:\/\/leclosdescheminees.info\/wp-content\/uploads\/2023\/03\/4.4.tarifs-300x108.jpg 300w, https:\/\/leclosdescheminees.info\/wp-content\/uploads\/2023\/03\/4.4.tarifs-768x277.jpg 768w, https:\/\/leclosdescheminees.info\/wp-content\/uploads\/2023\/03\/4.4.tarifs-1024x369.jpg 1024w\" sizes=\"(max-width: 4912px) 100vw, 4912px\" \/><\/div><\/div>\n        \n    <\/div>\n<\/div>\n<p>&nbsp;<\/p>\n<h6><span style=\"color: #ff6600;\">TARIFS DE LOCATION DE LA SALLE DE RECEPTION<\/span><\/h6>\n<div class=\"page\" title=\"Page 1\">\n<div class=\"section\">\n<div class=\"layoutArea\">\n<div class=\"column\">\n<p>Notre salle du Clos des Chemin\u00e9es peut accueillir jusqu&rsquo;\u00e0 300 convives.<\/p>\n<\/div>\n<\/div>\n<\/div>\n<\/div>\n<p>Forfait Classique :&nbsp; 3750\u20ac&nbsp; &#8211;&nbsp; vendredi 15 H au dimanche 12 H.<br \/>\nForfait Roman :&nbsp; 4400\u20ac&nbsp; &#8211;&nbsp; vendredi 15 H au dimanche 18 H.<br \/>\nForfait Gothique :&nbsp; 4600\u20ac&nbsp; &#8211;&nbsp; jeudi 15 H au dimanche 12 H ou vendredi 15 H au lundi 12 H.<br \/>\nForfait Renaissance :&nbsp; 4850\u20ac&nbsp; &#8211;&nbsp; jeudi 15 H au lundi 12 H.<\/p>\n<h6><span style=\"color: #ff6600;\">Mobilier du Clos des Chemin\u00e9es<\/span><strong><br \/>\n<\/strong><\/h6>\n<p>Le Clos des Chemin\u00e9es propose \u00e0 la location des tables et des chaises.<\/p>\n<p>Jusqu\u2019\u00e0 100 personnes&nbsp; &nbsp;: 250 \u20ac.&nbsp; &nbsp;<br \/>\nJusqu\u2019\u00e0 200 personnes&nbsp; &nbsp;: 500 \u20ac.&nbsp; &nbsp;<br \/>\nJusqu\u2019\u00e0 300 personnes&nbsp; &nbsp;: 750 \u20ac.&nbsp;<\/p>\n<h6><span style=\"color: #ff6600;\">Offre forfait&nbsp; tout inclus <\/span><\/h6>\n<p>Nous vous proposons le forfait Grand Si\u00e8cle, formule <em>tout inclus <\/em>\u00e0 5800\u20ac comprenant<\/p>\n<p>Location de la salle du vendredi 12h au dimanche 18h.<br \/>\nLa location du mobilier allant jusqu\u2019\u00e0 200 personnes assises.<br \/>\nTous les h\u00e9bergements (26 couchages) la nuit de l&rsquo;\u00e9v\u00e9nement.<\/p>\n<p>Compter 6100\u20ac si vous souhaitez rendre les cl\u00e9s seulement le lundi \u00e0 12H<\/p>\n<h6><span style=\"color: #ff9900;\"><span style=\"color: #ff6600;\">Feu dans la chemin\u00e9e monumentale Clos<\/span><\/span><\/h6>\n<p>La grande chemin\u00e9e est mise \u00e0 votre disposition, nous ne fournissons pas de bois.<\/p>\n<h6><span style=\"color: #ff6600;\">Traiteurs, d\u00e9corateurs, barnums pour cocktail ext\u00e9rieur, musiciens, DJ, fleuriste\u2026<\/span><\/h6>\n<p>Vous pouvez faire intervenir vos propres prestataires ou consulter <span style=\"color: #ff6600;\"><a style=\"color: #ff6600;\" href=\"http:\/\/leclosdescheminees.info\/wp-content\/uploads\/2023\/06\/Tarif-Liste-partenaires-01_-2023.pdf\" target=\"_blank\" rel=\"noopener\">liste de nos prestataires r\u00e9gionaux associ\u00e9s.<\/a><\/span><\/p>\n<p>&nbsp;<\/p>\n<hr>\n<h6><span class=\"soustitre\" style=\"color: #ff6600;\"><b>TARIFS DES H\u00c9BERGEMENTS<\/b><\/span><\/h6>\n<p class=\"p1\">26 couchages au total.<\/p>\n<p><i>Jour d\u2019arriv\u00e9e, perception des cl\u00e9s \u00e0 partir de 17 H.<br \/>\n<\/i><i>Jour de d\u00e9part, restitution des cl\u00e9s avant 12 H.<br \/>\n<\/i><span style=\"font-size: revert; color: initial; font-family: -apple-system, BlinkMacSystemFont, 'Segoe UI', Roboto, Oxygen-Sans, Ubuntu, Cantarell, 'Helvetica Neue', sans-serif;\">Nous pouvons vous fournir les draps pour 25\u20ac les lits doubles et 15\u20ac les lits simples. (drap housse taie d\u2019oreiller et housse de couette), les lits sont a\u0300 faire par vos soins.<\/span><\/p>\n<p><span style=\"color: #ff6600;\">La Bilbonni\u00e8re (2 couchages)<\/span><\/p>\n<p><span style=\"color: #808080;\">1 lit double, baignoire jacuzzi privatif dans la chambre.<\/span><br \/>\n-&gt; 155 \u20ac\/nuit.<\/p>\n<h6><span style=\"color: #ff6600;\">La Loge des Cueilleurs de miel (3 couchages)<\/span><\/h6>\n<p>1 lit double et 1 lit simple et salle de bain.<br \/>\n-&gt; 165 \u20ac\/nuit.<\/p>\n<h6><span style=\"color: #ff6600;\">La Loge de l&rsquo;Alchimiste (5 couchages)<\/span><\/h6>\n<p>1 lit double et 3 lits simples.<strong><br \/>\n<\/strong>-&gt; 245 \u20ac\/nuit.<\/p>\n<h6><span style=\"color: #ff6600;\">La Loge du Cocher (2 couchages)<\/span><\/h6>\n<p>1 lit double et salle de bain.<strong><br \/>\n<\/strong>-&gt; 90 \u20ac\/nuit.<\/p>\n<h6><span style=\"color: #ff6600;\"><span style=\"color: #ff6600;\">Le Logis du Grand vitrail (14 couchages)<\/span><strong><br \/>\n<\/strong><\/span><\/h6>\n<p>1 lit superpos\u00e9<br \/>\n1 lit double et salle de bain.<br \/>\n2 lits doubles, un canap\u00e9 convertible et 6 lits simples avec 2 douches et une toilette s\u00e9par\u00e9e.<br \/>\n-&gt; 840 \u20ac\/nuit.<\/p>\n<p>Tarif d\u00e9gressif \u00e0 partir de 2 nuits cons\u00e9cutives.&nbsp; N\u2019h\u00e9sitez pas \u00e0 nous <a href=\"https:\/\/leclosdescheminees.info\/index.php\/contact\/\" target=\"_blank\" rel=\"noopener\">contacter<\/a> pour plus d\u2019informations.<\/p>\n<p class=\"p1\"><i><strong>N.B.<\/strong> : Possibilit\u00e9 de camping gratuit dans le parc du Domaine et de stationnement de campings-cars sur le parking.<\/i><\/p>\n<p><strong>&nbsp;<\/strong><\/p>\n","protected":false},"excerpt":{"rendered":"<p>&nbsp; &nbsp; TARIFS DE LOCATION DE LA SALLE DE RECEPTION Notre salle du Clos des Chemin\u00e9es peut accueillir jusqu&rsquo;\u00e0 300 convives. Forfait Classique :&nbsp; 3750\u20ac&nbsp; &#8211;&nbsp; vendredi 15 H au dimanche 12 H. Forfait Roman :&nbsp; 4400\u20ac&nbsp; &#8211;&nbsp; vendredi 15&hellip; <\/p>\n","protected":false},"author":1,"featured_media":0,"parent":0,"menu_order":0,"comment_status":"closed","ping_status":"open","template":"","meta":{"ngg_post_thumbnail":0},"yoast_head":"<!-- This site is optimized with the Yoast SEO plugin v21.8 - https:\/\/yoast.com\/wordpress\/plugins\/seo\/ -->\n<title>Tarif - Le Clos des Chemin\u00e9es<\/title>\n<meta name=\"description\" content=\"Tarifs du Clos des Chemin\u00e9es, salle de r\u00e9ception \u00e0 Longny les villages au coeur du Perche pour mariage et s\u00e9minaires.\" \/>\n<meta name=\"robots\" content=\"index, follow, max-snippet:-1, max-image-preview:large, max-video-preview:-1\" \/>\n<link rel=\"canonical\" href=\"https:\/\/leclosdescheminees.info\/index.php\/le-clos-des-cheminees-tarifs\/\" \/>\n<meta property=\"og:locale\" content=\"fr_FR\" \/>\n<meta property=\"og:type\" content=\"article\" \/>\n<meta property=\"og:title\" content=\"Tarif - Le Clos des Chemin\u00e9es\" \/>\n<meta property=\"og:description\" content=\"Tarifs du Clos des Chemin\u00e9es, salle de r\u00e9ception \u00e0 Longny les villages au coeur du Perche pour mariage et s\u00e9minaires.\" \/>\n<meta property=\"og:url\" content=\"https:\/\/leclosdescheminees.info\/index.php\/le-clos-des-cheminees-tarifs\/\" \/>\n<meta property=\"og:site_name\" content=\"Le Clos des Chemin\u00e9es\" \/>\n<meta property=\"article:modified_time\" content=\"2026-01-15T16:46:03+00:00\" \/>\n<meta name=\"twitter:card\" content=\"summary_large_image\" \/>\n<meta name=\"twitter:label1\" content=\"Dur\u00e9e de lecture estim\u00e9e\" \/>\n\t<meta name=\"twitter:data1\" content=\"3 minutes\" \/>\n<script type=\"application\/ld+json\" class=\"yoast-schema-graph\">{\"@context\":\"https:\/\/schema.org\",\"@graph\":[{\"@type\":\"WebPage\",\"@id\":\"https:\/\/leclosdescheminees.info\/index.php\/le-clos-des-cheminees-tarifs\/\",\"url\":\"https:\/\/leclosdescheminees.info\/index.php\/le-clos-des-cheminees-tarifs\/\",\"name\":\"Tarif - Le Clos des Chemin\u00e9es\",\"isPartOf\":{\"@id\":\"https:\/\/leclosdescheminees.info\/#website\"},\"datePublished\":\"2017-05-17T20:31:15+00:00\",\"dateModified\":\"2026-01-15T16:46:03+00:00\",\"description\":\"Tarifs du Clos des Chemin\u00e9es, salle de r\u00e9ception \u00e0 Longny les villages au coeur du Perche pour mariage et s\u00e9minaires.\",\"breadcrumb\":{\"@id\":\"https:\/\/leclosdescheminees.info\/index.php\/le-clos-des-cheminees-tarifs\/#breadcrumb\"},\"inLanguage\":\"fr-FR\",\"potentialAction\":[{\"@type\":\"ReadAction\",\"target\":[\"https:\/\/leclosdescheminees.info\/index.php\/le-clos-des-cheminees-tarifs\/\"]}]},{\"@type\":\"BreadcrumbList\",\"@id\":\"https:\/\/leclosdescheminees.info\/index.php\/le-clos-des-cheminees-tarifs\/#breadcrumb\",\"itemListElement\":[{\"@type\":\"ListItem\",\"position\":1,\"name\":\"Accueil\",\"item\":\"https:\/\/leclosdescheminees.info\/\"},{\"@type\":\"ListItem\",\"position\":2,\"name\":\"Tarif\"}]},{\"@type\":\"WebSite\",\"@id\":\"https:\/\/leclosdescheminees.info\/#website\",\"url\":\"https:\/\/leclosdescheminees.info\/\",\"name\":\"Le Clos des Chemin\u00e9es\",\"description\":\"Mariages, banquets, s\u00e9minaires, bals, spectacles\",\"potentialAction\":[{\"@type\":\"SearchAction\",\"target\":{\"@type\":\"EntryPoint\",\"urlTemplate\":\"https:\/\/leclosdescheminees.info\/?s={search_term_string}\"},\"query-input\":\"required name=search_term_string\"}],\"inLanguage\":\"fr-FR\"}]}<\/script>\n<!-- \/ Yoast SEO plugin. -->","yoast_head_json":{"title":"Tarif - Le Clos des Chemin\u00e9es","description":"Tarifs du Clos des Chemin\u00e9es, salle de r\u00e9ception \u00e0 Longny les villages au coeur du Perche pour mariage et s\u00e9minaires.","robots":{"index":"index","follow":"follow","max-snippet":"max-snippet:-1","max-image-preview":"max-image-preview:large","max-video-preview":"max-video-preview:-1"},"canonical":"https:\/\/leclosdescheminees.info\/index.php\/le-clos-des-cheminees-tarifs\/","og_locale":"fr_FR","og_type":"article","og_title":"Tarif - Le Clos des Chemin\u00e9es","og_description":"Tarifs du Clos des Chemin\u00e9es, salle de r\u00e9ception \u00e0 Longny les villages au coeur du Perche pour mariage et s\u00e9minaires.","og_url":"https:\/\/leclosdescheminees.info\/index.php\/le-clos-des-cheminees-tarifs\/","og_site_name":"Le Clos des Chemin\u00e9es","article_modified_time":"2026-01-15T16:46:03+00:00","twitter_card":"summary_large_image","twitter_misc":{"Dur\u00e9e de lecture estim\u00e9e":"3 minutes"},"schema":{"@context":"https:\/\/schema.org","@graph":[{"@type":"WebPage","@id":"https:\/\/leclosdescheminees.info\/index.php\/le-clos-des-cheminees-tarifs\/","url":"https:\/\/leclosdescheminees.info\/index.php\/le-clos-des-cheminees-tarifs\/","name":"Tarif - Le Clos des Chemin\u00e9es","isPartOf":{"@id":"https:\/\/leclosdescheminees.info\/#website"},"datePublished":"2017-05-17T20:31:15+00:00","dateModified":"2026-01-15T16:46:03+00:00","description":"Tarifs du Clos des Chemin\u00e9es, salle de r\u00e9ception \u00e0 Longny les villages au coeur du Perche pour mariage et s\u00e9minaires.","breadcrumb":{"@id":"https:\/\/leclosdescheminees.info\/index.php\/le-clos-des-cheminees-tarifs\/#breadcrumb"},"inLanguage":"fr-FR","potentialAction":[{"@type":"ReadAction","target":["https:\/\/leclosdescheminees.info\/index.php\/le-clos-des-cheminees-tarifs\/"]}]},{"@type":"BreadcrumbList","@id":"https:\/\/leclosdescheminees.info\/index.php\/le-clos-des-cheminees-tarifs\/#breadcrumb","itemListElement":[{"@type":"ListItem","position":1,"name":"Accueil","item":"https:\/\/leclosdescheminees.info\/"},{"@type":"ListItem","position":2,"name":"Tarif"}]},{"@type":"WebSite","@id":"https:\/\/leclosdescheminees.info\/#website","url":"https:\/\/leclosdescheminees.info\/","name":"Le Clos des Chemin\u00e9es","description":"Mariages, banquets, s\u00e9minaires, bals, spectacles","potentialAction":[{"@type":"SearchAction","target":{"@type":"EntryPoint","urlTemplate":"https:\/\/leclosdescheminees.info\/?s={search_term_string}"},"query-input":"required name=search_term_string"}],"inLanguage":"fr-FR"}]}},"_links":{"self":[{"href":"https:\/\/leclosdescheminees.info\/index.php\/wp-json\/wp\/v2\/pages\/2"}],"collection":[{"href":"https:\/\/leclosdescheminees.info\/index.php\/wp-json\/wp\/v2\/pages"}],"about":[{"href":"https:\/\/leclosdescheminees.info\/index.php\/wp-json\/wp\/v2\/types\/page"}],"author":[{"embeddable":true,"href":"https:\/\/leclosdescheminees.info\/index.php\/wp-json\/wp\/v2\/users\/1"}],"replies":[{"embeddable":true,"href":"https:\/\/leclosdescheminees.info\/index.php\/wp-json\/wp\/v2\/comments?post=2"}],"version-history":[{"count":94,"href":"https:\/\/leclosdescheminees.info\/index.php\/wp-json\/wp\/v2\/pages\/2\/revisions"}],"predecessor-version":[{"id":1215,"href":"https:\/\/leclosdescheminees.info\/index.php\/wp-json\/wp\/v2\/pages\/2\/revisions\/1215"}],"wp:attachment":[{"href":"https:\/\/leclosdescheminees.info\/index.php\/wp-json\/wp\/v2\/media?parent=2"}],"curies":[{"name":"wp","href":"https:\/\/api.w.org\/{rel}","templated":true}]}}