{"id":52,"date":"2017-05-25T15:02:54","date_gmt":"2017-05-25T13:02:54","guid":{"rendered":"http:\/\/leclosdescheminees.info\/?page_id=52"},"modified":"2025-01-07T12:04:17","modified_gmt":"2025-01-07T11:04:17","slug":"infrastructure","status":"publish","type":"page","link":"https:\/\/leclosdescheminees.info\/index.php\/infrastructure\/","title":{"rendered":"Infrastructure"},"content":{"rendered":"<p>&nbsp;<\/p>\n<div id=\"metaslider-id-1033\" style=\"max-width: 1000px;\" class=\"ml-slider-3-94-0 metaslider metaslider-nivo metaslider-1033 ml-slider ms-theme-default\" role=\"region\" aria-roledescription=\"Slideshow\" aria-label=\"Infrastructure\">\n    <div id=\"metaslider_container_1033\">\n        <div class='slider-wrapper theme-default'><div class='ribbon'><\/div><div id='metaslider_1033' class='nivoSlider'><img src=\"https:\/\/leclosdescheminees.info\/wp-content\/uploads\/2023\/06\/5.1.infrastructure-exterieur-parc.jpg\" height=\"361\" width=\"1000\" title=\"5.1.infrastructure-exterieur-parc\" alt=\"\" class=\"slider-1033 slide-1052\" \/><img src=\"https:\/\/leclosdescheminees.info\/wp-content\/uploads\/2023\/06\/5.2.infrastructure-exterieurparc.jpg\" height=\"361\" width=\"1000\" title=\"5.2.infrastructure-exterieurparc\" alt=\"\" class=\"slider-1033 slide-1059\" \/><img src=\"https:\/\/leclosdescheminees.info\/wp-content\/uploads\/2023\/06\/5.4.infrastructure-exterieurphotomarclagoutteoudavidcommenchal.jpg\" height=\"361\" width=\"1000\" title=\"5.4.infrastructure-exterieurphotomarclagoutteoudavidcommenchal\" alt=\"\" class=\"slider-1033 slide-1051\" \/><img src=\"https:\/\/leclosdescheminees.info\/wp-content\/uploads\/2023\/06\/5.3.infrastructure-exterieurparc.jpg\" height=\"361\" width=\"1000\" title=\"5.3.infrastructure-exterieurparc\" alt=\"\" class=\"slider-1033 slide-1053\" \/><img src=\"https:\/\/leclosdescheminees.info\/wp-content\/uploads\/2023\/06\/5.4.4.vue-vitrail.jpg\" height=\"361\" width=\"1000\" title=\"5.4.4.vue vitrail\" alt=\"\" class=\"slider-1033 slide-1047\" \/><img src=\"https:\/\/leclosdescheminees.info\/wp-content\/uploads\/2023\/06\/5.5.infrastructure-exterieurparc-copie-2.jpg\" height=\"361\" width=\"1000\" title=\"5.5.infrastructure-exterieurparc copie 2\" alt=\"\" class=\"slider-1033 slide-1054\" \/><img src=\"https:\/\/leclosdescheminees.info\/wp-content\/uploads\/2023\/06\/5.6.infrastructure-photocheminee-site.jpg\" height=\"361\" width=\"1000\" title=\"5.6.infrastructure-photocheminee-site\" alt=\"\" class=\"slider-1033 slide-1050\" \/><img src=\"https:\/\/leclosdescheminees.info\/wp-content\/uploads\/2023\/06\/5.6.infrastructure-salle-chemineeprincipale.jpg\" height=\"361\" width=\"1000\" title=\"5.6.infrastructure-salle-chemineeprincipale\" alt=\"\" class=\"slider-1033 slide-1055\" \/><img src=\"https:\/\/leclosdescheminees.info\/wp-content\/uploads\/2023\/06\/5.7.infrastucture-extension-salle.jpg\" height=\"361\" width=\"1000\" title=\"5.7.infrastucture-extension-salle\" alt=\"\" class=\"slider-1033 slide-1056\" \/><img src=\"https:\/\/leclosdescheminees.info\/wp-content\/uploads\/2023\/06\/5.8.infrastructure-bilboautomne.jpg\" height=\"361\" width=\"1000\" title=\"5.8.infrastructure-bilboautomne\" alt=\"\" class=\"slider-1033 slide-1057\" \/><img src=\"https:\/\/leclosdescheminees.info\/wp-content\/uploads\/2023\/06\/5.9.infrasctuture-photo-exterieurneige.jpg\" height=\"361\" width=\"1000\" title=\"5.9.infrasctuture-photo-exterieurneige\" alt=\"\" class=\"slider-1033 slide-1058\" \/><img src=\"https:\/\/leclosdescheminees.info\/wp-content\/uploads\/2023\/06\/5.10.infrastructure-vitrail.jpg\" height=\"361\" width=\"1000\" title=\"5.10.infrastructure-vitrail\" alt=\"\" class=\"slider-1033 slide-1049\" \/><img src=\"https:\/\/leclosdescheminees.info\/wp-content\/uploads\/2023\/06\/5.11.infrastucture-photo-salle.jpg\" height=\"361\" width=\"1000\" title=\"5.11.infrastucture-photo-salle\" alt=\"\" class=\"slider-1033 slide-1048\" \/><\/div><\/div>\n        \n    <\/div>\n<\/div>\n<p>&nbsp;<\/p>\n<div class=\"page\" title=\"Page 1\">\n<div class=\"section\">\n<div class=\"layoutArea\">\n<div class=\"column\">\n<h6 style=\"padding-left: 30px;\"><span style=\"color: #ff6600;\">Accessibilite\u0301<\/span><\/h6>\n<p style=\"padding-left: 30px;\">Le lieu est accessible pour les personnes a\u0300 mobilite\u0301 re\u0301duite (parking, salle, sanitaires).<\/p>\n<h6 style=\"padding-left: 30px;\"><span style=\"color: #ff6600;\">Mobilier<\/span><\/h6>\n<p style=\"padding-left: 30px;\">Le Clos des Chemin\u00e9es propose \u00e0 la location des tables et des chaises.<br \/>\nJusqu\u2019\u00e0 100 personnes&nbsp; &nbsp;: 250 \u20ac.&nbsp; &nbsp;<br \/>\nJusqu\u2019\u00e0 200 personnes&nbsp; &nbsp;: 500 \u20ac.&nbsp; &nbsp;<br \/>\nJusqu\u2019\u00e0 300 personnes&nbsp; &nbsp;: 750 \u20ac.&nbsp;<\/p>\n<h6 style=\"padding-left: 30px;\"><span style=\"color: #ff6600;\">E\u0301quipements<\/span><\/h6>\n<p style=\"padding-left: 30px;\"><strong><em>\u2022&nbsp;Espace cuisine pour traiteur<\/em><br \/>\n<\/strong>25m2 avec grande table, e\u0301vier, prise te\u0301trapolaire pour branchement e\u0301tuves et camion re\u0301frige\u0301re\u0301.<br \/>\nAcce\u0300s espace traiteur inde\u0301pendant, direct depuis la route.<\/p>\n<div class=\"page\" style=\"padding-left: 30px;\" title=\"Page 1\">\n<div class=\"section\" style=\"padding-left: 30px;\">\n<div class=\"layoutArea\">\n<div class=\"column\">\n<p><em><strong>\u2022&nbsp;Sanitaire\u2028<\/strong><\/em><br \/>\nEspace sanitaire avec 4 WC dont un accessible pour les personnes a\u0300 mobilite\u0301 re\u0301duite.<\/p>\n<p><em><strong>\u2022&nbsp;Vestiaire\u2028<\/strong><\/em><br \/>\nPortiques avec cintres pour une centaine de personnes.<\/p>\n<p><em><strong>\u2022&nbsp;E\u0301lectricite\u0301\u2028<\/strong><\/em><br \/>\nE\u0301clairage par de nombreux spots et lampes sur pied pour une lumie\u0300re chaleureuse.\u2028 Possibilite\u0301 de nombreux branchements pour e\u0301clairage personnalise\u0301.<br \/>\nPrise spe\u0301ciale sono aux normes de se\u0301curite\u0301.<\/p>\n<p><em><strong>\u2022&nbsp;Petits salons de repos\u2028<\/strong><\/em><br \/>\nUne petite pie\u0300ce de charme, sous une vou\u0302te gothique, attenante a\u0300 la salle permettra de coucher les plus jeunes (lits be\u0301be\u0301s non fournis). Un second petit salon supple\u0301mentaire est situe\u0301 du co\u0302te\u0301 gauche de l\u2019extension de la salle de re\u0301ception.<\/p>\n<p><em>\u2022 <\/em><strong><em>Exte\u0301rieurs<\/em><br \/>\n<\/strong>1 ha de terrain arbore\u0301 et fleuri avec vue sur les collines du Perche vous permettront de pre\u0301voir un cocktail en exte\u0301rieur (barnum conseille\u0301 en cas de pluie ) et de prendre des photos dans un cadre idyllique.<\/p>\n<h6><span style=\"color: #ff6600;\">Chauffage<\/span><\/h6>\n<p>Un canon a\u0300 air chaud silencieux, une chemine\u0301e avec syste\u0300me Polyflam permettent l\u2019utilisation des lieux e\u0301galement en saison froide.<\/p>\n<h6><span style=\"color: #ff6600;\">Stationnement<\/span><\/h6>\n<p><span style=\"color: #808080;\">Parking\u2028&nbsp;<\/span>75 places a\u0300 l\u2019exte\u0301rieur + 30 places a\u0300 200m.<\/p>\n<h6><span style=\"color: #ff6600;\">De\u0301coration<\/span><\/h6>\n<p>Possibilite\u0301 d\u2019installer les de\u0301corations de votre choix en utilisant les anneaux fixe\u0301s dans les poutres pre\u0301vus a\u0300 cet effet.<\/p>\n<h6><span style=\"color: #ff6600;\">He\u0301bergement<\/span><\/h6>\n<p>Le Clos des Chemine\u0301es propose 26 couchages.<br \/>\nJour d\u2019arrive\u0301e, perception des cle\u0301s a\u0300 partir de 17h.<br \/>\nJour de de\u0301part, restitution des cle\u0301s avant 12h.<br \/>\n2 nuits minimum.<\/p>\n<p><span style=\"color: #ff6600;\"><strong>\u2022 <\/strong>La Bilbonnie\u0300re (2 couchages)<\/span><br \/>\n1 lit double, baignoire jacuzzi privatif dans la chambre.<br \/>\nTARIF : 155 \u20ac\/nuit.<\/p>\n<p><span style=\"color: #ff6600;\"><strong>\u2022 <\/strong>La Loge des Cueilleurs de miel (3 couchages)<\/span><strong><span style=\"color: #ff9900;\"><br \/>\n<\/span><\/strong>1 lit double, 1 lit simple et salle de bain.<br \/>\nTARIF : 165 \u20ac\/nuit.<\/p>\n<p><span style=\"color: #ff6600;\"><strong>\u2022&nbsp;<\/strong>La Loge de l\u2019Alchimiste (5 couchages)<\/span><br \/>\n1 lit double et 3 lits simples.<br \/>\nTARIF : 245 \u20ac\/nuit.<\/p>\n<\/div>\n<\/div>\n<\/div>\n<\/div>\n<div class=\"page\" title=\"Page 3\">\n<div class=\"section\">\n<div class=\"layoutArea\">\n<p class=\"column\" style=\"padding-left: 60px;\"><span style=\"color: #ff6600;\"><strong>\u2022&nbsp;<\/strong>La Loge du Cocher (2 couchages)<\/span><strong><span style=\"color: #ff9900;\"><br \/>\n<\/span><\/strong><span style=\"color: #808080;\">1 lit double et salle de bain. <\/span><br \/>\n<span style=\"color: #808080;\"> TARIF : 90 \u20ac\/nuit.<\/span><\/p>\n<p style=\"padding-left: 30px;\"><span style=\"color: #ff6600;\"><strong>\u2022&nbsp;<\/strong>Le Logis du Grand Vitrail (14 couchages)<\/span><br \/>\n1 lit double et salle de bain.<br \/>\n2 lits doubles et 6 lits simples avec 2 douches et une toilette se\u0301pare\u0301e.<br \/>\nTARIF : 840 \u20ac\/nuit.<\/p>\n<p style=\"padding-left: 30px;\">Tarif d\u00e9gressif \u00e0 partir de 2 nuits cons\u00e9cutives.&nbsp; N\u2019h\u00e9sitez pas \u00e0 nous contacter pour plus d\u2019informations.<\/p>\n<p style=\"padding-left: 30px;\"><strong>Pour vos familles et invite\u0301s, vous trouverez e\u0301galement de nombreuses possibilite\u0301s de logement de charme aux abords du Clos des Chemine\u0301es : chambres d\u2019ho\u0302tes de caracte\u0300re, cabanes dans les arbres de standing, gi\u0302tes, etc.<\/strong><br \/>\n<em>Liste disponible sur demande.<\/em><\/p>\n<p style=\"padding-left: 30px;\">Il est possible d\u2019utiliser gratuitement le parc du Clos des Chemine\u0301es pour d\u2019e\u0301ventuels campeurs.<br \/>\nNous conseillons une installation des tentes a\u0300 la nuit tombe\u0301e pour ne pas alte\u0301rer le paysage et par conse\u0301quent les prises de vue photographiques.<br \/>\nNotre parking peut e\u0301galement accueillir des campings-cars.<\/p>\n<h6 style=\"padding-left: 30px;\"><span style=\"color: #ff6600;\">Se\u0301curite\u0301<\/span><\/h6>\n<p style=\"padding-left: 30px;\"><strong>\u2022&nbsp;E\u0301tablissement ERP<\/strong><br \/>\nLa salle de re\u0301ception du Clos des Chemine\u0301es est habilite\u0301e par la commission de se\u0301curite\u0301 de\u0301partementale en tant qu\u2019e\u0301tablissement recevant du public, de 4e cate\u0301gorie (maximum 300 personnes).<\/p>\n<p style=\"padding-left: 30px;\">Vous souhaitez plus d&rsquo;informations <span style=\"color: #ff6600;\"><a style=\"color: #ff6600;\" href=\"https:\/\/leclosdescheminees.info\/index.php\/contact\/\">contactez-nous<\/a>.<\/span><\/p>\n<\/div>\n<\/div>\n<\/div>\n<\/div>\n<\/div>\n<\/div>\n<\/div>\n<p><img decoding=\"async\" loading=\"lazy\" class=\"alignright wp-image-859 \" src=\"http:\/\/leclosdescheminees.info\/wp-content\/uploads\/2017\/05\/7.-infrastructure-ERPerp-vertmodifie\u0301-300x133.png\" alt=\"\" width=\"194\" height=\"86\" srcset=\"https:\/\/leclosdescheminees.info\/wp-content\/uploads\/2017\/05\/7.-infrastructure-ERPerp-vertmodifie\u0301-300x133.png 300w, https:\/\/leclosdescheminees.info\/wp-content\/uploads\/2017\/05\/7.-infrastructure-ERPerp-vertmodifie\u0301-768x341.png 768w, https:\/\/leclosdescheminees.info\/wp-content\/uploads\/2017\/05\/7.-infrastructure-ERPerp-vertmodifie\u0301-1024x455.png 1024w, https:\/\/leclosdescheminees.info\/wp-content\/uploads\/2017\/05\/7.-infrastructure-ERPerp-vertmodifie\u0301-670x300.png 670w, https:\/\/leclosdescheminees.info\/wp-content\/uploads\/2017\/05\/7.-infrastructure-ERPerp-vertmodifie\u0301-1038x460.png 1038w, https:\/\/leclosdescheminees.info\/wp-content\/uploads\/2017\/05\/7.-infrastructure-ERPerp-vertmodifie\u0301.png 1707w\" sizes=\"(max-width: 194px) 100vw, 194px\" \/><\/p>\n","protected":false},"excerpt":{"rendered":"<p>&nbsp; &nbsp; Accessibilite\u0301 Le lieu est accessible pour les personnes a\u0300 mobilite\u0301 re\u0301duite (parking, salle, sanitaires). Mobilier Le Clos des Chemin\u00e9es propose \u00e0 la location des tables et des chaises. Jusqu\u2019\u00e0 100 personnes&nbsp; &nbsp;: 250 \u20ac.&nbsp; &nbsp; Jusqu\u2019\u00e0 200 personnes&nbsp;&hellip; <\/p>\n","protected":false},"author":1,"featured_media":0,"parent":0,"menu_order":0,"comment_status":"closed","ping_status":"closed","template":"","meta":{"ngg_post_thumbnail":0},"yoast_head":"<!-- This site is optimized with the Yoast SEO plugin v21.8 - https:\/\/yoast.com\/wordpress\/plugins\/seo\/ -->\n<title>Infrastructure - Le Clos des Chemin\u00e9es<\/title>\n<meta name=\"description\" content=\"D\u00e9couvrez les infrastructures du Clos des Chemin\u00e9es, salle de r\u00e9ception dans le Perche \u00e0 seulement 1H30 de Paris.\" \/>\n<meta name=\"robots\" content=\"index, follow, max-snippet:-1, max-image-preview:large, max-video-preview:-1\" \/>\n<link rel=\"canonical\" href=\"https:\/\/leclosdescheminees.info\/index.php\/infrastructure\/\" \/>\n<meta property=\"og:locale\" content=\"fr_FR\" \/>\n<meta property=\"og:type\" content=\"article\" \/>\n<meta property=\"og:title\" content=\"Infrastructure - Le Clos des Chemin\u00e9es\" \/>\n<meta property=\"og:description\" content=\"D\u00e9couvrez les infrastructures du Clos des Chemin\u00e9es, salle de r\u00e9ception dans le Perche \u00e0 seulement 1H30 de Paris.\" \/>\n<meta property=\"og:url\" content=\"https:\/\/leclosdescheminees.info\/index.php\/infrastructure\/\" \/>\n<meta property=\"og:site_name\" content=\"Le Clos des Chemin\u00e9es\" \/>\n<meta property=\"article:modified_time\" content=\"2025-01-07T11:04:17+00:00\" \/>\n<meta name=\"twitter:card\" content=\"summary_large_image\" \/>\n<meta name=\"twitter:label1\" content=\"Dur\u00e9e de lecture estim\u00e9e\" \/>\n\t<meta name=\"twitter:data1\" content=\"3 minutes\" \/>\n<script type=\"application\/ld+json\" class=\"yoast-schema-graph\">{\"@context\":\"https:\/\/schema.org\",\"@graph\":[{\"@type\":\"WebPage\",\"@id\":\"https:\/\/leclosdescheminees.info\/index.php\/infrastructure\/\",\"url\":\"https:\/\/leclosdescheminees.info\/index.php\/infrastructure\/\",\"name\":\"Infrastructure - Le Clos des Chemin\u00e9es\",\"isPartOf\":{\"@id\":\"https:\/\/leclosdescheminees.info\/#website\"},\"datePublished\":\"2017-05-25T13:02:54+00:00\",\"dateModified\":\"2025-01-07T11:04:17+00:00\",\"description\":\"D\u00e9couvrez les infrastructures du Clos des Chemin\u00e9es, salle de r\u00e9ception dans le Perche \u00e0 seulement 1H30 de Paris.\",\"breadcrumb\":{\"@id\":\"https:\/\/leclosdescheminees.info\/index.php\/infrastructure\/#breadcrumb\"},\"inLanguage\":\"fr-FR\",\"potentialAction\":[{\"@type\":\"ReadAction\",\"target\":[\"https:\/\/leclosdescheminees.info\/index.php\/infrastructure\/\"]}]},{\"@type\":\"BreadcrumbList\",\"@id\":\"https:\/\/leclosdescheminees.info\/index.php\/infrastructure\/#breadcrumb\",\"itemListElement\":[{\"@type\":\"ListItem\",\"position\":1,\"name\":\"Accueil\",\"item\":\"https:\/\/leclosdescheminees.info\/\"},{\"@type\":\"ListItem\",\"position\":2,\"name\":\"Infrastructure\"}]},{\"@type\":\"WebSite\",\"@id\":\"https:\/\/leclosdescheminees.info\/#website\",\"url\":\"https:\/\/leclosdescheminees.info\/\",\"name\":\"Le Clos des Chemin\u00e9es\",\"description\":\"Mariages, banquets, s\u00e9minaires, bals, spectacles\",\"potentialAction\":[{\"@type\":\"SearchAction\",\"target\":{\"@type\":\"EntryPoint\",\"urlTemplate\":\"https:\/\/leclosdescheminees.info\/?s={search_term_string}\"},\"query-input\":\"required name=search_term_string\"}],\"inLanguage\":\"fr-FR\"}]}<\/script>\n<!-- \/ Yoast SEO plugin. -->","yoast_head_json":{"title":"Infrastructure - Le Clos des Chemin\u00e9es","description":"D\u00e9couvrez les infrastructures du Clos des Chemin\u00e9es, salle de r\u00e9ception dans le Perche \u00e0 seulement 1H30 de Paris.","robots":{"index":"index","follow":"follow","max-snippet":"max-snippet:-1","max-image-preview":"max-image-preview:large","max-video-preview":"max-video-preview:-1"},"canonical":"https:\/\/leclosdescheminees.info\/index.php\/infrastructure\/","og_locale":"fr_FR","og_type":"article","og_title":"Infrastructure - Le Clos des Chemin\u00e9es","og_description":"D\u00e9couvrez les infrastructures du Clos des Chemin\u00e9es, salle de r\u00e9ception dans le Perche \u00e0 seulement 1H30 de Paris.","og_url":"https:\/\/leclosdescheminees.info\/index.php\/infrastructure\/","og_site_name":"Le Clos des Chemin\u00e9es","article_modified_time":"2025-01-07T11:04:17+00:00","twitter_card":"summary_large_image","twitter_misc":{"Dur\u00e9e de lecture estim\u00e9e":"3 minutes"},"schema":{"@context":"https:\/\/schema.org","@graph":[{"@type":"WebPage","@id":"https:\/\/leclosdescheminees.info\/index.php\/infrastructure\/","url":"https:\/\/leclosdescheminees.info\/index.php\/infrastructure\/","name":"Infrastructure - Le Clos des Chemin\u00e9es","isPartOf":{"@id":"https:\/\/leclosdescheminees.info\/#website"},"datePublished":"2017-05-25T13:02:54+00:00","dateModified":"2025-01-07T11:04:17+00:00","description":"D\u00e9couvrez les infrastructures du Clos des Chemin\u00e9es, salle de r\u00e9ception dans le Perche \u00e0 seulement 1H30 de Paris.","breadcrumb":{"@id":"https:\/\/leclosdescheminees.info\/index.php\/infrastructure\/#breadcrumb"},"inLanguage":"fr-FR","potentialAction":[{"@type":"ReadAction","target":["https:\/\/leclosdescheminees.info\/index.php\/infrastructure\/"]}]},{"@type":"BreadcrumbList","@id":"https:\/\/leclosdescheminees.info\/index.php\/infrastructure\/#breadcrumb","itemListElement":[{"@type":"ListItem","position":1,"name":"Accueil","item":"https:\/\/leclosdescheminees.info\/"},{"@type":"ListItem","position":2,"name":"Infrastructure"}]},{"@type":"WebSite","@id":"https:\/\/leclosdescheminees.info\/#website","url":"https:\/\/leclosdescheminees.info\/","name":"Le Clos des Chemin\u00e9es","description":"Mariages, banquets, s\u00e9minaires, bals, spectacles","potentialAction":[{"@type":"SearchAction","target":{"@type":"EntryPoint","urlTemplate":"https:\/\/leclosdescheminees.info\/?s={search_term_string}"},"query-input":"required name=search_term_string"}],"inLanguage":"fr-FR"}]}},"_links":{"self":[{"href":"https:\/\/leclosdescheminees.info\/index.php\/wp-json\/wp\/v2\/pages\/52"}],"collection":[{"href":"https:\/\/leclosdescheminees.info\/index.php\/wp-json\/wp\/v2\/pages"}],"about":[{"href":"https:\/\/leclosdescheminees.info\/index.php\/wp-json\/wp\/v2\/types\/page"}],"author":[{"embeddable":true,"href":"https:\/\/leclosdescheminees.info\/index.php\/wp-json\/wp\/v2\/users\/1"}],"replies":[{"embeddable":true,"href":"https:\/\/leclosdescheminees.info\/index.php\/wp-json\/wp\/v2\/comments?post=52"}],"version-history":[{"count":97,"href":"https:\/\/leclosdescheminees.info\/index.php\/wp-json\/wp\/v2\/pages\/52\/revisions"}],"predecessor-version":[{"id":1201,"href":"https:\/\/leclosdescheminees.info\/index.php\/wp-json\/wp\/v2\/pages\/52\/revisions\/1201"}],"wp:attachment":[{"href":"https:\/\/leclosdescheminees.info\/index.php\/wp-json\/wp\/v2\/media?parent=52"}],"curies":[{"name":"wp","href":"https:\/\/api.w.org\/{rel}","templated":true}]}}